{"id":5290,"date":"2022-07-04T08:57:41","date_gmt":"2022-07-04T08:57:41","guid":{"rendered":"http:\/\/tma.es\/espais-verds-jardineria\/"},"modified":"2024-03-12T12:57:34","modified_gmt":"2024-03-12T11:57:34","slug":"espais-verds-jardineria","status":"publish","type":"page","link":"https:\/\/tma.es\/ca\/espais-verds-jardineria\/","title":{"rendered":"Espais verds \/ Jardineria"},"content":{"rendered":"<p>[vc_row css_animation=&#8221;&#8221; row_type=&#8221;row&#8221; use_row_as_full_screen_section=&#8221;no&#8221; type=&#8221;full_width&#8221; angled_section=&#8221;no&#8221; text_align=&#8221;left&#8221; background_image_as_pattern=&#8221;without_pattern&#8221; z_index=&#8221;&#8221; background_image=&#8221;2480&#8243;][vc_column offset=&#8221;vc_hidden-sm vc_hidden-xs&#8221;][vc_empty_space height=&#8221;50px&#8221;][vc_empty_space height=&#8221;50px&#8221;][vc_empty_space height=&#8221;50px&#8221;][vc_column_text]<\/p>\n<h1 style=\"text-align: center;\">Espais verds \/ Jardineria<\/h1>\n<p>[\/vc_column_text][vc_empty_space height=&#8221;50px&#8221;][vc_empty_space height=&#8221;50px&#8221;][vc_empty_space height=&#8221;50px&#8221;][\/vc_column][\/vc_row][vc_row css_animation=&#8221;&#8221; row_type=&#8221;row&#8221; use_row_as_full_screen_section=&#8221;no&#8221; type=&#8221;full_width&#8221; angled_section=&#8221;no&#8221; text_align=&#8221;left&#8221; background_image_as_pattern=&#8221;without_pattern&#8221; z_index=&#8221;&#8221; background_image=&#8221;2480&#8243;][vc_column offset=&#8221;vc_hidden-lg vc_hidden-md&#8221;][vc_empty_space height=&#8221;50px&#8221;][vc_column_text]<\/p>\n<h1 style=\"text-align: center;\">Espais verds \/ Jardineria<\/h1>\n<p>[\/vc_column_text][vc_empty_space height=&#8221;50px&#8221;][\/vc_column][\/vc_row][vc_row css_animation=&#8221;&#8221; row_type=&#8221;row&#8221; use_row_as_full_screen_section=&#8221;no&#8221; type=&#8221;grid&#8221; angled_section=&#8221;no&#8221; text_align=&#8221;left&#8221; background_image_as_pattern=&#8221;without_pattern&#8221; z_index=&#8221;&#8221;][vc_column][vc_empty_space][\/vc_column][\/vc_row][vc_row css_animation=&#8221;&#8221; row_type=&#8221;row&#8221; use_row_as_full_screen_section=&#8221;no&#8221; type=&#8221;full_width&#8221; angled_section=&#8221;no&#8221; text_align=&#8221;left&#8221; background_image_as_pattern=&#8221;without_pattern&#8221;][vc_column offset=&#8221;vc_hidden-sm vc_hidden-xs&#8221;][qode_elements_holder number_of_columns=&#8221;two_columns&#8221;][qode_elements_holder_item cover=&#8221;yes&#8221; advanced_animations=&#8221;no&#8221; background_image=&#8221;2462&#8243; item_padding=&#8221;60px 40px&#8221; custom_class=&#8221;bg-custom-hover-c&#8221;][vc_single_image image=&#8221;2460&#8243; img_size=&#8221;full&#8221; alignment=&#8221;center&#8221; qode_css_animation=&#8221;&#8221;][\/qode_elements_holder_item][qode_elements_holder_item advanced_animations=&#8221;no&#8221; item_padding=&#8221;70px 90px&#8221; item_padding_1280_1440=&#8221;90px&#8221; item_padding_1024_1280=&#8221;80px&#8221; item_padding_768_1024=&#8221;60px&#8221; item_padding_600_768=&#8221;90px&#8221; item_padding_480_600=&#8221;90px 40px&#8221; item_padding_480=&#8221;90px 40px&#8221; custom_class=&#8221;bg-custom-hover-c&#8221; background_color=&#8221;#f2f2f2&#8243;][vc_column_text]<\/p>\n<p style=\"text-align: justify; font-size: 21px; line-height: 30px;\"><span style=\"font-weight: 400;\">A TMA comptem amb una empresa especialitzada en <\/span><b>jardineria: Espais Verds del Vall\u00e8s<\/b><span style=\"font-weight: 400;\">, amb m\u00e9s de 30 anys d&#8217;experi\u00e8ncia al sector.<\/span><\/p>\n<p>&nbsp;<\/p>\n<p style=\"text-align: justify; font-size: 21px; line-height: 30px;\"><b>El nostre equip de professionals<\/b><span style=\"font-weight: 400;\">, que utilitza les t\u00e8cniques m\u00e9s avan\u00e7ades i ajustades a les necessitats de cada servei, <\/span><b>sumat a la disposici\u00f3 de la millor maquin\u00e0ria, vehicles i equips d&#8217;\u00faltima generaci\u00f3<\/b><span style=\"font-weight: 400;\">, ens permeten garantir la m\u00e0xima qualitat en la nostra feina i en la cura del medi ambient.<\/span><\/p>\n<p>[\/vc_column_text][\/qode_elements_holder_item][\/qode_elements_holder][\/vc_column][\/vc_row][vc_row css_animation=&#8221;&#8221; row_type=&#8221;row&#8221; use_row_as_full_screen_section=&#8221;no&#8221; type=&#8221;full_width&#8221; angled_section=&#8221;no&#8221; text_align=&#8221;left&#8221; background_image_as_pattern=&#8221;without_pattern&#8221;][vc_column offset=&#8221;vc_hidden-lg vc_hidden-md&#8221;][vc_single_image image=&#8221;2463&#8243; img_size=&#8221;full&#8221; alignment=&#8221;center&#8221; qode_css_animation=&#8221;&#8221;][vc_column_text css=&#8221;.vc_custom_1677842650215{padding-top: 30px !important;padding-right: 30px !important;padding-bottom: 30px !important;padding-left: 30px !important;background-color: #f2f2f2 !important;}&#8221;]<\/p>\n<p style=\"text-align: justify; font-size: 21px; line-height: 30px;\"><span style=\"font-weight: 400;\">A TMA comptem amb una empresa especialitzada en <\/span><b>jardineria: Espais Verds del Vall\u00e8s<\/b><span style=\"font-weight: 400;\">, amb m\u00e9s de 30 anys d&#8217;experi\u00e8ncia al sector.<\/span><\/p>\n<p>&nbsp;<\/p>\n<p style=\"text-align: justify; font-size: 21px; line-height: 30px;\"><b>El nostre equip de professionals<\/b><span style=\"font-weight: 400;\">, que utilitza les t\u00e8cniques m\u00e9s avan\u00e7ades i ajustades a les necessitats de cada servei, <\/span><b>sumat a la disposici\u00f3 de la millor maquin\u00e0ria, vehicles i equips d&#8217;\u00faltima generaci\u00f3<\/b><span style=\"font-weight: 400;\">, ens permeten garantir la m\u00e0xima qualitat en la nostra feina i en la cura del medi ambient.<\/span><\/p>\n<p>[\/vc_column_text][\/vc_column][\/vc_row][vc_row css_animation=&#8221;&#8221; row_type=&#8221;row&#8221; use_row_as_full_screen_section=&#8221;no&#8221; type=&#8221;grid&#8221; angled_section=&#8221;no&#8221; text_align=&#8221;left&#8221; background_image_as_pattern=&#8221;without_pattern&#8221; z_index=&#8221;&#8221;][vc_column offset=&#8221;vc_hidden-sm vc_hidden-xs&#8221;][vc_empty_space][vc_column_text]<\/p>\n<h3 style=\"text-align: center;\">Principals serveis<\/h3>\n<p>[\/vc_column_text][vc_empty_space][\/vc_column][\/vc_row][vc_row css_animation=&#8221;&#8221; row_type=&#8221;row&#8221; use_row_as_full_screen_section=&#8221;no&#8221; type=&#8221;grid&#8221; angled_section=&#8221;no&#8221; text_align=&#8221;left&#8221; background_image_as_pattern=&#8221;without_pattern&#8221; z_index=&#8221;&#8221;][vc_column width=&#8221;1\/3&#8243; offset=&#8221;vc_hidden-sm vc_hidden-xs&#8221;][vc_single_image image=&#8221;2466&#8243; img_size=&#8221;full&#8221; alignment=&#8221;center&#8221; qode_css_animation=&#8221;&#8221; qode_hover_animation=&#8221;zoom_in&#8221;][vc_empty_space height=&#8221;30px&#8221;][vc_column_text]<\/p>\n<p style=\"text-align: center;\"><b>Obra nova, construcci\u00f3 i paisatgisme: <\/b><span style=\"font-weight: 400;\">parcs, places, cobertes enjardinades, instal\u00b7laci\u00f3 de regs<\/span><\/p>\n<p>[\/vc_column_text][vc_empty_space height=&#8221;30px&#8221;][\/vc_column][vc_column width=&#8221;1\/3&#8243; offset=&#8221;vc_hidden-sm vc_hidden-xs&#8221;][vc_single_image image=&#8221;2475&#8243; img_size=&#8221;full&#8221; alignment=&#8221;center&#8221; qode_css_animation=&#8221;&#8221; qode_hover_animation=&#8221;zoom_in&#8221;][vc_empty_space height=&#8221;30px&#8221;][vc_column_text]<\/p>\n<p style=\"text-align: center;\"><strong><b>Manteniment d\u2019espais verds i jardins <\/b><span style=\"font-weight: 400;\">per a entitats p\u00fabliques, empreses, comunitats, particulars.<\/span><\/strong><\/p>\n<p>[\/vc_column_text][vc_empty_space height=&#8221;30px&#8221;][\/vc_column][vc_column width=&#8221;1\/3&#8243; offset=&#8221;vc_hidden-sm vc_hidden-xs&#8221;][vc_single_image image=&#8221;2478&#8243; img_size=&#8221;full&#8221; alignment=&#8221;center&#8221; qode_css_animation=&#8221;&#8221; qode_hover_animation=&#8221;zoom_in&#8221;][vc_empty_space height=&#8221;30px&#8221;][vc_column_text]<\/p>\n<p style=\"text-align: center;\"><b>Arboricultura<\/b><span style=\"font-weight: 400;\">: serveis de poda, trasplantaments i operacions especials. <\/span><\/p>\n<p>[\/vc_column_text][vc_empty_space height=&#8221;30px&#8221;][\/vc_column][\/vc_row][vc_row css_animation=&#8221;&#8221; row_type=&#8221;row&#8221; use_row_as_full_screen_section=&#8221;no&#8221; type=&#8221;grid&#8221; angled_section=&#8221;no&#8221; text_align=&#8221;left&#8221; background_image_as_pattern=&#8221;without_pattern&#8221; z_index=&#8221;&#8221;][vc_column width=&#8221;1\/3&#8243; offset=&#8221;vc_hidden-sm vc_hidden-xs&#8221;][vc_single_image image=&#8221;2484&#8243; img_size=&#8221;full&#8221; alignment=&#8221;center&#8221; qode_css_animation=&#8221;&#8221; qode_hover_animation=&#8221;zoom_in&#8221;][vc_empty_space height=&#8221;30px&#8221;][vc_column_text]<\/p>\n<p style=\"text-align: center;\"><b>Restauraci\u00f3: <\/b><span style=\"font-weight: 400;\">restauraci\u00f3 ambiental i paisatg\u00edstica, estabilitzaci\u00f3 de talussos. <\/span><\/p>\n<p>[\/vc_column_text][vc_empty_space height=&#8221;30px&#8221;][\/vc_column][vc_column width=&#8221;1\/3&#8243; offset=&#8221;vc_hidden-sm vc_hidden-xs&#8221;][vc_single_image image=&#8221;2472&#8243; img_size=&#8221;full&#8221; alignment=&#8221;center&#8221; qode_css_animation=&#8221;&#8221; qode_hover_animation=&#8221;zoom_in&#8221;][vc_empty_space height=&#8221;30px&#8221;][vc_column_text]<\/p>\n<p style=\"text-align: center;\"><b>Treballs forestals: <\/b><span style=\"font-weight: 400;\">franges contra incendis i\u00a0 desbrossaments.<\/span><\/p>\n<p>[\/vc_column_text][vc_empty_space height=&#8221;30px&#8221;][\/vc_column][vc_column width=&#8221;1\/3&#8243; offset=&#8221;vc_hidden-sm vc_hidden-xs&#8221;][vc_single_image image=&#8221;2469&#8243; img_size=&#8221;full&#8221; alignment=&#8221;center&#8221; qode_css_animation=&#8221;&#8221; qode_hover_animation=&#8221;zoom_in&#8221;][vc_empty_space height=&#8221;30px&#8221;][vc_column_text]<\/p>\n<p style=\"text-align: center;\"><b>Documentaci\u00f3 t\u00e8cnica<\/b><span style=\"font-weight: 400;\">: plans, projectes, informes<\/span>.<\/p>\n<p>[\/vc_column_text][vc_empty_space height=&#8221;30px&#8221;][\/vc_column][\/vc_row][vc_row css_animation=&#8221;&#8221; row_type=&#8221;row&#8221; use_row_as_full_screen_section=&#8221;no&#8221; type=&#8221;grid&#8221; angled_section=&#8221;no&#8221; text_align=&#8221;left&#8221; background_image_as_pattern=&#8221;without_pattern&#8221; z_index=&#8221;&#8221;][vc_column width=&#8221;1\/2&#8243; offset=&#8221;vc_hidden-sm vc_hidden-xs&#8221;][vc_empty_space height=&#8221;30px&#8221;][vc_column_text]<\/p>\n<h3 style=\"text-align: left;\">Equip hum\u00e0<\/h3>\n<p>[\/vc_column_text][vc_empty_space height=&#8221;30px&#8221;][vc_column_text]<\/p>\n<p style=\"text-align: justify;\">Espais Verds del Vall\u00e8s est\u00e0 constitu\u00efda per <b>professionals altament qualificats i especialitzats <\/b><span style=\"font-weight: 400;\">en el m\u00f3n del paisatgisme, l&#8217;enginyeria, la biologia, l\u2019arboricultura, la cirurgia arb\u00f2ria i el trasplantament d&#8217;arbres, entre d&#8217;altres<\/span>.<\/p>\n<p>&nbsp;<\/p>\n<p style=\"text-align: justify;\"><span style=\"font-weight: 400;\">El nostre equip d\u2019experts rep <\/span><b>formaci\u00f3 <\/b><span style=\"font-weight: 400;\"><strong>constant<\/strong> per la millora cont\u00ednua en la realitzaci\u00f3 dels serveis. Tamb\u00e9 exerceixen de professors i monitors en cursos organitzats per altres entitats, ensenyant els seus coneixements<\/span>.<\/p>\n<p>&nbsp;<\/p>\n<p style=\"text-align: justify;\"><span style=\"font-weight: 400;\">El <strong>col\u00b7lectiu d\u2019Espais Verds<\/strong> <strong>del Vall\u00e8s<\/strong> est\u00e0 format per:<\/span><b> <\/b><\/p>\n<p>&nbsp;<\/p>\n<ul>\n<li style=\"text-align: justify;\"><b>Enginyers t\u00e8cnics agr\u00edcoles <\/b><span style=\"font-weight: 400;\">(en hortofructicultura i jardineria)<\/span><\/li>\n<li style=\"text-align: justify;\"><span style=\"font-weight: 400;\"><strong>Arquitectes<\/strong> <strong>del paisatge<\/strong><\/span><\/li>\n<li style=\"text-align: justify;\"><b>Green keepers<\/b><span style=\"font-weight: 400;\"> (t\u00e8cnics especialitzats en el manteniment de camps de golf i gespa)<\/span><\/li>\n<li style=\"text-align: justify;\"><b>Mestres jardiners<\/b><\/li>\n<li style=\"text-align: justify;\"><span style=\"font-weight: 400;\">Oficials de 1a. <\/span><b>podadors<\/b><\/li>\n<li style=\"text-align: justify;\"><span style=\"font-weight: 400;\">Oficials de 1a. <\/span><b>jardiners <\/b><\/li>\n<li style=\"text-align: justify;\">Auxiliars<\/li>\n<\/ul>\n<p>[\/vc_column_text][vc_empty_space height=&#8221;30px&#8221;][\/vc_column][vc_column width=&#8221;1\/2&#8243; offset=&#8221;vc_hidden-sm vc_hidden-xs&#8221;][vc_single_image image=&#8221;6429&#8243; img_size=&#8221;745&#215;950&#8243; alignment=&#8221;center&#8221; qode_css_animation=&#8221;&#8221; qode_hover_animation=&#8221;zoom_in&#8221;][vc_empty_space height=&#8221;30px&#8221;][\/vc_column][\/vc_row][vc_row css_animation=&#8221;&#8221; row_type=&#8221;row&#8221; use_row_as_full_screen_section=&#8221;no&#8221; type=&#8221;full_width&#8221; angled_section=&#8221;no&#8221; text_align=&#8221;left&#8221; background_image_as_pattern=&#8221;without_pattern&#8221; z_index=&#8221;&#8221; css=&#8221;.vc_custom_1674574976615{margin-right: 5px !important;margin-left: 5px !important;}&#8221;][vc_column offset=&#8221;vc_hidden-lg vc_hidden-md&#8221;][vc_empty_space][vc_column_text]<\/p>\n<h3 style=\"text-align: center;\">Principals serveis<\/h3>\n<p>[\/vc_column_text][vc_empty_space][vc_single_image image=&#8221;2466&#8243; img_size=&#8221;full&#8221; alignment=&#8221;center&#8221; qode_css_animation=&#8221;&#8221; qode_hover_animation=&#8221;zoom_in&#8221;][vc_empty_space height=&#8221;30px&#8221;][vc_column_text]<\/p>\n<p style=\"text-align: center;\"><b>Obra nova, construcci\u00f3 i paisatgisme: <\/b><span style=\"font-weight: 400;\">parcs, places, cobertes enjardinades, instal\u00b7laci\u00f3 de regs<\/span><\/p>\n<p>[\/vc_column_text][vc_empty_space height=&#8221;30px&#8221;][vc_single_image image=&#8221;2475&#8243; img_size=&#8221;full&#8221; alignment=&#8221;center&#8221; qode_css_animation=&#8221;&#8221; qode_hover_animation=&#8221;zoom_in&#8221;][vc_empty_space height=&#8221;30px&#8221;][vc_column_text]<\/p>\n<p style=\"text-align: center;\"><b>Manteniment d\u2019espais verds i jardins <\/b><span style=\"font-weight: 400;\">per a entitats p\u00fabliques, empreses, comunitats, particulars.<\/span><\/p>\n<p>[\/vc_column_text][vc_empty_space height=&#8221;30px&#8221;][vc_single_image image=&#8221;2478&#8243; img_size=&#8221;full&#8221; alignment=&#8221;center&#8221; qode_css_animation=&#8221;&#8221; qode_hover_animation=&#8221;zoom_in&#8221;][vc_empty_space height=&#8221;30px&#8221;][vc_column_text]<\/p>\n<p style=\"text-align: center;\"><b>Arboricultura<\/b><span style=\"font-weight: 400;\">: serveis de poda, trasplantaments i operacions especials.<\/span><\/p>\n<p>[\/vc_column_text][vc_empty_space height=&#8221;30px&#8221;][vc_single_image image=&#8221;2484&#8243; img_size=&#8221;full&#8221; alignment=&#8221;center&#8221; qode_css_animation=&#8221;&#8221; qode_hover_animation=&#8221;zoom_in&#8221;][vc_empty_space height=&#8221;30px&#8221;][vc_column_text]<\/p>\n<p style=\"text-align: center;\"><b>Restauraci\u00f3: <\/b><span style=\"font-weight: 400;\">restauraci\u00f3 ambiental i paisatg\u00edstica, estabilitzaci\u00f3 de talussos. <\/span><\/p>\n<p>[\/vc_column_text][vc_empty_space height=&#8221;30px&#8221;][vc_single_image image=&#8221;2472&#8243; img_size=&#8221;full&#8221; alignment=&#8221;center&#8221; qode_css_animation=&#8221;&#8221; qode_hover_animation=&#8221;zoom_in&#8221;][vc_empty_space height=&#8221;30px&#8221;][vc_column_text]<\/p>\n<p style=\"text-align: center;\"><b>Treballs forestals: <\/b><span style=\"font-weight: 400;\">franges contra incendis i desbrossaments.<\/span><\/p>\n<p>[\/vc_column_text][vc_empty_space height=&#8221;30px&#8221;][vc_single_image image=&#8221;2469&#8243; img_size=&#8221;full&#8221; alignment=&#8221;center&#8221; qode_css_animation=&#8221;&#8221; qode_hover_animation=&#8221;zoom_in&#8221;][vc_empty_space height=&#8221;30px&#8221;][vc_column_text]<\/p>\n<p style=\"text-align: center;\"><b>Documentaci\u00f3 t\u00e8cnica<\/b><span style=\"font-weight: 400;\">: plans, projectes, informes.<\/span><\/p>\n<p>[\/vc_column_text][vc_empty_space height=&#8221;30px&#8221;][vc_column_text]<\/p>\n<h3 style=\"text-align: left;\">Equip hum\u00e0<\/h3>\n<p>[\/vc_column_text][vc_empty_space height=&#8221;30px&#8221;][vc_column_text]<\/p>\n<p style=\"text-align: justify;\">Espais Verds del Vall\u00e8s est\u00e0 constitu\u00efda per<b> professionals altament qualificats i especialitzats <\/b><span style=\"font-weight: 400;\">en el m\u00f3n del paisatgisme, l&#8217;enginyeria, la biologia, l\u2019arboricultura, la cirurgia arb\u00f2ria i el trasplantament d&#8217;arbres, entre d&#8217;altres<\/span>.<\/p>\n<p>[\/vc_column_text][vc_column_text]<\/p>\n<p style=\"text-align: justify;\"><span style=\"font-weight: 400;\">El nostre equip d\u2019experts rep <\/span><b>formaci\u00f3 <\/b><span style=\"font-weight: 400;\"><strong>constant<\/strong> per la millora cont\u00ednua en la realitzaci\u00f3 dels serveis. Tamb\u00e9 exerceixen de professors i monitors en cursos organitzats per altres entitats, ensenyant els seus coneixements.<\/span><\/p>\n<p>&nbsp;<\/p>\n<p style=\"text-align: justify;\"><span style=\"font-weight: 400;\">El <strong>col\u00b7lectiu d\u2019Espais Verds del Vall\u00e8s<\/strong> est\u00e0 format per:<\/span><b> <\/b><\/p>\n<ul>\n<li style=\"text-align: justify;\"><b>Enginyers t\u00e8cnics agr\u00edcoles <\/b><span style=\"font-weight: 400;\">(en hortofructicultura i jardineria) <\/span><\/li>\n<li style=\"text-align: justify;\"><span style=\"font-weight: 400;\"><strong>Arquitectes del paisatge<\/strong><\/span><\/li>\n<li style=\"text-align: justify;\"><b>Green keepers<\/b><span style=\"font-weight: 400;\"> (t\u00e8cnics especialitzats en el manteniment de camps de golf i gespa)<\/span><\/li>\n<li style=\"text-align: justify;\"><b>Mestres jardiners<\/b><\/li>\n<li style=\"text-align: justify;\"><span style=\"font-weight: 400;\">Oficials de 1a. <\/span><b>podadors<\/b><\/li>\n<li style=\"text-align: justify;\"><span style=\"font-weight: 400;\">Oficials de 1a. <\/span><b>jardiners <\/b><\/li>\n<li style=\"text-align: justify;\"><b>Auxiliars<\/b><\/li>\n<\/ul>\n<p>[\/vc_column_text][vc_empty_space height=&#8221;20px&#8221;][vc_single_image image=&#8221;6437&#8243; img_size=&#8221;full&#8221; alignment=&#8221;center&#8221; qode_css_animation=&#8221;&#8221; qode_hover_animation=&#8221;zoom_in&#8221;][vc_empty_space height=&#8221;30px&#8221;][vc_column_text]<\/p>\n<h3 style=\"text-align: left;\">Flota i equips propis especialitzats<\/h3>\n<p>[\/vc_column_text][vc_empty_space height=&#8221;30px&#8221;][vc_column_text]<\/p>\n<p style=\"text-align: justify;\"><b>Disposem d\u2019una gran varietat de vehicles i maquin\u00e0ria especial <\/b><span style=\"font-weight: 400;\">per realitzar els nostres serveis. Els equips es renoven de manera constant per garantir un servei efica\u00e7 i per optimitzar els temps de treball, millorant aix\u00ed la qualitat en el servei<\/span>.<\/p>\n<p>[\/vc_column_text][vc_empty_space height=&#8221;30px&#8221;][vc_single_image image=&#8221;4929&#8243; img_size=&#8221;full&#8221; alignment=&#8221;center&#8221; qode_css_animation=&#8221;&#8221; qode_hover_animation=&#8221;zoom_in&#8221;][vc_empty_space height=&#8221;30px&#8221;][vc_column_text]<\/p>\n<p style=\"text-align: center;\"><b>Vehicles el\u00e8ctrics.<\/b><\/p>\n<p>[\/vc_column_text][vc_empty_space height=&#8221;30px&#8221;][vc_single_image image=&#8221;4951&#8243; img_size=&#8221;full&#8221; alignment=&#8221;center&#8221; qode_css_animation=&#8221;&#8221; qode_hover_animation=&#8221;zoom_in&#8221;][vc_empty_space height=&#8221;30px&#8221;][vc_column_text]<\/p>\n<p style=\"text-align: center;\"><b>Maquin\u00e0ria el\u00e8ctrica.<\/b><\/p>\n<p>[\/vc_column_text][vc_empty_space height=&#8221;30px&#8221;][vc_single_image image=&#8221;4933&#8243; img_size=&#8221;full&#8221; alignment=&#8221;center&#8221; qode_css_animation=&#8221;&#8221; qode_hover_animation=&#8221;zoom_in&#8221;][vc_empty_space height=&#8221;30px&#8221;][vc_column_text]<\/p>\n<p style=\"text-align: center;\"><b>Segadores<\/b><span style=\"font-weight: 400;\"> i tractors de gran rendiment. <\/span><\/p>\n<p>[\/vc_column_text][vc_empty_space height=&#8221;30px&#8221;][vc_single_image image=&#8221;4936&#8243; img_size=&#8221;full&#8221; alignment=&#8221;center&#8221; qode_css_animation=&#8221;&#8221; qode_hover_animation=&#8221;zoom_in&#8221;][vc_empty_space height=&#8221;30px&#8221;][vc_column_text]<\/p>\n<p style=\"text-align: center;\"><b>Elevador <\/b><span style=\"font-weight: 400;\">de 19m. per treballs especialitzats. <\/span><\/p>\n<p>[\/vc_column_text][vc_empty_space height=&#8221;30px&#8221;][vc_single_image image=&#8221;4941&#8243; img_size=&#8221;full&#8221; alignment=&#8221;center&#8221; qode_css_animation=&#8221;&#8221; qode_hover_animation=&#8221;zoom_in&#8221;][vc_empty_space height=&#8221;30px&#8221;][vc_column_text]<\/p>\n<p style=\"text-align: center;\"><span style=\"font-weight: 400;\">Equips de <\/span><b>podadors<\/b><span style=\"font-weight: 400;\">. <\/span><\/p>\n<p>[\/vc_column_text][vc_empty_space height=&#8221;30px&#8221;][vc_single_image image=&#8221;4944&#8243; img_size=&#8221;full&#8221; alignment=&#8221;center&#8221; qode_css_animation=&#8221;&#8221; qode_hover_animation=&#8221;zoom_in&#8221;][vc_empty_space height=&#8221;30px&#8221;][vc_column_text]<\/p>\n<p style=\"text-align: center;\"><b>Biotrituradors <\/b><span style=\"font-weight: 400;\">per restes de poda. <\/span><\/p>\n<p>[\/vc_column_text][vc_empty_space height=&#8221;30px&#8221;][vc_single_image image=&#8221;4948&#8243; img_size=&#8221;full&#8221; alignment=&#8221;center&#8221; qode_css_animation=&#8221;&#8221; qode_hover_animation=&#8221;zoom_in&#8221;][vc_empty_space height=&#8221;30px&#8221;][vc_column_text]<\/p>\n<p style=\"text-align: center;\"><span style=\"font-weight: 400;\">Maquin\u00e0ria espec\u00edfica a baixa pressi\u00f3 per <\/span><b>endoter\u00e0pia<\/b><span style=\"font-weight: 400;\">.<\/span><\/p>\n<p>[\/vc_column_text][vc_empty_space height=&#8221;30px&#8221;][vc_single_image image=&#8221;4955&#8243; img_size=&#8221;full&#8221; alignment=&#8221;center&#8221; qode_css_animation=&#8221;&#8221; qode_hover_animation=&#8221;zoom_in&#8221;][vc_empty_space height=&#8221;30px&#8221;][vc_column_text]<\/p>\n<p style=\"text-align: center;\"><b>Eines per treballs especials <\/b><span style=\"font-weight: 400;\">(ventilaci\u00f3 i substituci\u00f3 del terra, sanejament, aspresa, inoculaci\u00f3 amb fongs micorr\u00edzics, formaci\u00f3 d\u2019encoixinats\u2026). <\/span><\/p>\n<p>[\/vc_column_text][vc_empty_space height=&#8221;30px&#8221;][vc_column_text]<\/p>\n<h3 style=\"text-align: left;\">Certificacions i associacions<\/h3>\n<p>[\/vc_column_text][vc_empty_space height=&#8221;30px&#8221;][vc_column_text]<\/p>\n<p style=\"text-align: justify;\"><span style=\"font-weight: 400;\">A Espais Verds del Vall\u00e8s som membres de l\u2019International Society of Arboriculture (<\/span><b>ISA<\/b><span style=\"font-weight: 400;\">), soci fundador de l\u2019Asociaci\u00f3n Espa\u00f1ola de Arboricultura (<\/span><b>AEA<\/b><span style=\"font-weight: 400;\">), fundador de l\u2019Associaci\u00f3 de Professionals d\u2019Espais Verds de Catalunya (<\/span><b>APEVC<\/b><span style=\"font-weight: 400;\">) i soci de l\u2019<\/span><b>A<\/b><span style=\"font-weight: 400;\">sociaci\u00f3n <\/span><b>E<\/b><span style=\"font-weight: 400;\">spa\u00f1ola de <\/span><b>G<\/b><span style=\"font-weight: 400;\">reenkeepers.<\/span><\/p>\n<p>&nbsp;<\/p>\n<p><span style=\"font-weight: 400;\">Gr\u00e0cies al nostre coneixement i experi\u00e8ncia, garantim un servei de qualitat als nostres clients. A m\u00e9s, disposem de les certificacions seg\u00fcents:<\/span><\/p>\n<p>&nbsp;<\/p>\n<ul>\n<li style=\"text-align: justify;\"><span style=\"font-weight: 400;\">Certificaci\u00f3 de Gesti\u00f3 de Sistemes de <\/span><b>Qualitat <\/b><span style=\"font-weight: 400;\">ISO 9001.<\/span><\/li>\n<li style=\"text-align: justify;\"><span style=\"font-weight: 400;\">Certificaci\u00f3 <\/span><b>Mediambiental <\/b><span style=\"font-weight: 400;\">ISO 14001.<\/span><\/li>\n<li style=\"text-align: justify;\"><span style=\"font-weight: 400;\">Certificaci\u00f3 de Sistemes de Gesti\u00f3 de <\/span><b>Salut i Seguretat a la feina <\/b><span style=\"font-weight: 400;\">ISO 45001.<\/span><\/li>\n<li style=\"text-align: justify;\"><span style=\"font-weight: 400;\">Certificat d\u2019inscripci\u00f3 al Registre Oficial de <\/span><b>prove\u00efdors de material vegetal.<\/b><\/li>\n<li style=\"text-align: justify;\"><span style=\"font-weight: 400;\">Certificat d\u2019inscripci\u00f3 al Registre Oficial d\u2019<\/span><b>establiments i serveis plaguicides.<\/b><\/li>\n<li style=\"text-align: justify;\"><span style=\"font-weight: 400;\">Certificat d\u2019inscripci\u00f3 al Registre Oficial de <\/span><b>tractaments fitosanitaris <\/b><span style=\"font-weight: 400;\">en palmeres contra la plaga Rhynchophorus ferrugineus.<\/span><\/li>\n<\/ul>\n<p>[\/vc_column_text][vc_empty_space height=&#8221;30px&#8221;][vc_single_image image=&#8221;6441&#8243; img_size=&#8221;full&#8221; alignment=&#8221;center&#8221; qode_css_animation=&#8221;&#8221; qode_hover_animation=&#8221;zoom_in&#8221;][vc_empty_space height=&#8221;30px&#8221;][\/vc_column][\/vc_row][vc_row css_animation=&#8221;&#8221; row_type=&#8221;row&#8221; use_row_as_full_screen_section=&#8221;no&#8221; type=&#8221;grid&#8221; angled_section=&#8221;no&#8221; text_align=&#8221;left&#8221; background_image_as_pattern=&#8221;without_pattern&#8221; z_index=&#8221;&#8221;][vc_column offset=&#8221;vc_hidden-sm vc_hidden-xs&#8221;][vc_column_text]<\/p>\n<h3 style=\"text-align: center;\">Flota i equips propis especialitzats<\/h3>\n<p>[\/vc_column_text][vc_empty_space height=&#8221;30px&#8221;][vc_column_text]<\/p>\n<p style=\"text-align: center;\"><b>Disposem d\u2019una gran varietat de vehicles i maquin\u00e0ria especial <\/b><span style=\"font-weight: 400;\">per realitzar els nostres serveis. Els equips es renoven de manera constant per garantir un servei efica\u00e7 i per optimitzar els temps de treball, millorant aix\u00ed la qualitat en el servei.<\/span><\/p>\n<p>[\/vc_column_text][vc_empty_space height=&#8221;30px&#8221;][\/vc_column][\/vc_row][vc_row css_animation=&#8221;&#8221; row_type=&#8221;row&#8221; use_row_as_full_screen_section=&#8221;no&#8221; type=&#8221;grid&#8221; angled_section=&#8221;no&#8221; text_align=&#8221;left&#8221; background_image_as_pattern=&#8221;without_pattern&#8221; z_index=&#8221;&#8221;][vc_column width=&#8221;1\/4&#8243; offset=&#8221;vc_hidden-sm vc_hidden-xs&#8221;][vc_single_image image=&#8221;4929&#8243; img_size=&#8221;full&#8221; alignment=&#8221;center&#8221; qode_css_animation=&#8221;&#8221; qode_hover_animation=&#8221;zoom_in&#8221;][vc_empty_space height=&#8221;30px&#8221;][vc_column_text]<\/p>\n<p style=\"text-align: center;\"><b>Vehicles el\u00e8ctrics.<\/b><\/p>\n<p>[\/vc_column_text][vc_empty_space height=&#8221;30px&#8221;][\/vc_column][vc_column width=&#8221;1\/4&#8243;][vc_single_image image=&#8221;4951&#8243; img_size=&#8221;full&#8221; alignment=&#8221;center&#8221; qode_css_animation=&#8221;&#8221; qode_hover_animation=&#8221;zoom_in&#8221;][vc_empty_space height=&#8221;30px&#8221;][vc_column_text]<\/p>\n<p style=\"text-align: center;\"><b>Maquin\u00e0ria el\u00e8ctrica.<\/b><\/p>\n<p>[\/vc_column_text][vc_empty_space height=&#8221;30px&#8221;][\/vc_column][vc_column width=&#8221;1\/4&#8243; offset=&#8221;vc_hidden-sm vc_hidden-xs&#8221;][vc_single_image image=&#8221;4941&#8243; img_size=&#8221;full&#8221; alignment=&#8221;center&#8221; qode_css_animation=&#8221;&#8221; qode_hover_animation=&#8221;zoom_in&#8221;][vc_empty_space height=&#8221;30px&#8221;][vc_column_text]<\/p>\n<p style=\"text-align: center;\"><span style=\"font-weight: 400;\">Equips de <\/span><b>podadors<\/b><span style=\"font-weight: 400;\">.<\/span><\/p>\n<p>[\/vc_column_text][vc_empty_space height=&#8221;30px&#8221;][\/vc_column][vc_column width=&#8221;1\/4&#8243; offset=&#8221;vc_hidden-sm vc_hidden-xs&#8221;][vc_single_image image=&#8221;4944&#8243; img_size=&#8221;full&#8221; alignment=&#8221;center&#8221; qode_css_animation=&#8221;&#8221; qode_hover_animation=&#8221;zoom_in&#8221;][vc_empty_space height=&#8221;30px&#8221;][vc_column_text]<\/p>\n<p style=\"text-align: center;\"><b>Biotrituradors <\/b><span style=\"font-weight: 400;\">per restes de poda. <\/span><\/p>\n<p>[\/vc_column_text][vc_empty_space height=&#8221;30px&#8221;][\/vc_column][\/vc_row][vc_row css_animation=&#8221;&#8221; row_type=&#8221;row&#8221; use_row_as_full_screen_section=&#8221;no&#8221; type=&#8221;grid&#8221; angled_section=&#8221;no&#8221; text_align=&#8221;left&#8221; background_image_as_pattern=&#8221;without_pattern&#8221; z_index=&#8221;&#8221;][vc_column width=&#8221;1\/4&#8243;][vc_single_image image=&#8221;4936&#8243; img_size=&#8221;full&#8221; alignment=&#8221;center&#8221; qode_css_animation=&#8221;&#8221; qode_hover_animation=&#8221;zoom_in&#8221;][vc_empty_space height=&#8221;30px&#8221;][vc_column_text]<\/p>\n<p style=\"text-align: center;\"><b>Elevador <\/b><span style=\"font-weight: 400;\">de 19m. per treballs especialitzats. <\/span><\/p>\n<p>[\/vc_column_text][vc_empty_space height=&#8221;30px&#8221;][\/vc_column][vc_column width=&#8221;1\/4&#8243; offset=&#8221;vc_hidden-sm vc_hidden-xs&#8221;][vc_single_image image=&#8221;4948&#8243; img_size=&#8221;full&#8221; alignment=&#8221;center&#8221; qode_css_animation=&#8221;&#8221; qode_hover_animation=&#8221;zoom_in&#8221;][vc_empty_space height=&#8221;30px&#8221;][vc_column_text]<\/p>\n<p style=\"text-align: center;\"><span style=\"font-weight: 400;\">Maquin\u00e0ria espec\u00edfica a baixa pressi\u00f3 per <\/span><b>endoter\u00e0pia<\/b><span style=\"font-weight: 400;\">.<\/span><\/p>\n<p>[\/vc_column_text][vc_empty_space height=&#8221;30px&#8221;][\/vc_column][vc_column width=&#8221;1\/4&#8243; offset=&#8221;vc_hidden-sm vc_hidden-xs&#8221;][vc_single_image image=&#8221;4933&#8243; img_size=&#8221;full&#8221; alignment=&#8221;center&#8221; qode_css_animation=&#8221;&#8221; qode_hover_animation=&#8221;zoom_in&#8221;][vc_empty_space height=&#8221;30px&#8221;][vc_column_text]<\/p>\n<p style=\"text-align: center;\"><b>Segadores<\/b><span style=\"font-weight: 400;\"> i tractors de gran rendiment. <\/span><\/p>\n<p>[\/vc_column_text][vc_empty_space height=&#8221;30px&#8221;][\/vc_column][vc_column width=&#8221;1\/4&#8243; offset=&#8221;vc_hidden-sm vc_hidden-xs&#8221;][vc_single_image image=&#8221;4955&#8243; img_size=&#8221;full&#8221; alignment=&#8221;center&#8221; qode_css_animation=&#8221;&#8221; qode_hover_animation=&#8221;zoom_in&#8221;][vc_empty_space height=&#8221;30px&#8221;][vc_column_text]<\/p>\n<p style=\"text-align: center;\"><b>Eines per treballs especials <\/b><span style=\"font-weight: 400;\">(ventilaci\u00f3 i substituci\u00f3 del terra, sanejament, aspresa, inoculaci\u00f3 amb fongs micorr\u00edzics, formaci\u00f3 d\u2019encoixinats\u2026). <\/span><\/p>\n<p>[\/vc_column_text][vc_empty_space height=&#8221;30px&#8221;][\/vc_column][\/vc_row][vc_row css_animation=&#8221;&#8221; row_type=&#8221;row&#8221; use_row_as_full_screen_section=&#8221;no&#8221; type=&#8221;grid&#8221; angled_section=&#8221;no&#8221; text_align=&#8221;left&#8221; background_image_as_pattern=&#8221;without_pattern&#8221; z_index=&#8221;&#8221;][vc_column width=&#8221;1\/2&#8243; offset=&#8221;vc_hidden-sm vc_hidden-xs&#8221;][vc_column_text]<\/p>\n<h3 style=\"text-align: left;\">Certificacions i associacions<\/h3>\n<p>[\/vc_column_text][vc_empty_space height=&#8221;30px&#8221;][vc_column_text]<\/p>\n<p style=\"text-align: justify;\"><span style=\"font-weight: 400;\">A Espais Verds del Vall\u00e8s som membres de l\u2019International Society of Arboriculture (<\/span><b>ISA<\/b><span style=\"font-weight: 400;\">), soci fundador de l\u2019Asociaci\u00f3n Espa\u00f1ola de Arboricultura (<\/span><b>AEA<\/b><span style=\"font-weight: 400;\">), fundador de l\u2019Associaci\u00f3 de Professionals d\u2019Espais Verds de Catalunya (<\/span><b>APEVC<\/b><span style=\"font-weight: 400;\">) i soci de l\u2019<\/span><b>A<\/b><span style=\"font-weight: 400;\">sociaci\u00f3n <\/span><b>E<\/b><span style=\"font-weight: 400;\">spa\u00f1ola de <\/span><b>G<\/b><span style=\"font-weight: 400;\">reenkeepers.<\/span><\/p>\n<p>&nbsp;<\/p>\n<p><span style=\"font-weight: 400;\">Gr\u00e0cies al nostre coneixement i experi\u00e8ncia, garantim un servei de qualitat als nostres clients. A m\u00e9s, disposem de les certificacions seg\u00fcents:<\/span><\/p>\n<p>&nbsp;<\/p>\n<ul>\n<li style=\"text-align: justify;\"><span style=\"font-weight: 400;\">Certificaci\u00f3 de Gesti\u00f3 de Sistemes de <\/span><b>Qualitat <\/b><span style=\"font-weight: 400;\">ISO 9001.<\/span><\/li>\n<li style=\"text-align: justify;\"><span style=\"font-weight: 400;\">Certificaci\u00f3 <\/span><b>Mediambiental <\/b><span style=\"font-weight: 400;\">ISO 14001.<\/span><\/li>\n<li style=\"text-align: justify;\"><span style=\"font-weight: 400;\">Certificaci\u00f3 de Sistemes de Gesti\u00f3 de <\/span><b>Salut i Seguretat a la feina <\/b><span style=\"font-weight: 400;\">ISO 45001.<\/span><\/li>\n<li style=\"text-align: justify;\"><span style=\"font-weight: 400;\">Certificat d\u2019inscripci\u00f3 al Registre Oficial de <\/span><b>prove\u00efdors de material vegetal.<\/b><\/li>\n<li style=\"text-align: justify;\"><span style=\"font-weight: 400;\">Certificat d\u2019inscripci\u00f3 al Registre Oficial d\u2019<\/span><b>establiments i serveis plaguicides.<\/b><\/li>\n<li style=\"text-align: justify;\"><span style=\"font-weight: 400;\">Certificat d\u2019inscripci\u00f3 al Registre Oficial de <\/span><b>tractaments fitosanitaris <\/b><span style=\"font-weight: 400;\">en palmeres contra la plaga Rhynchophorus ferrugineus.<\/span><\/li>\n<\/ul>\n<p>[\/vc_column_text][vc_empty_space height=&#8221;30px&#8221;][\/vc_column][vc_column width=&#8221;1\/2&#8243; offset=&#8221;vc_hidden-sm vc_hidden-xs&#8221;][vc_single_image image=&#8221;2457&#8243; img_size=&#8221;full&#8221; alignment=&#8221;center&#8221; qode_css_animation=&#8221;&#8221; qode_hover_animation=&#8221;zoom_in&#8221;][vc_empty_space height=&#8221;30px&#8221;][\/vc_column][\/vc_row][vc_row css_animation=&#8221;&#8221; row_type=&#8221;row&#8221; use_row_as_full_screen_section=&#8221;no&#8221; type=&#8221;full_width&#8221; angled_section=&#8221;no&#8221; text_align=&#8221;left&#8221; background_image_as_pattern=&#8221;without_pattern&#8221;][vc_column][qode_elements_holder number_of_columns=&#8221;two_columns&#8221;][qode_elements_holder_item advanced_animations=&#8221;no&#8221; item_padding=&#8221;70px 90px&#8221; item_padding_1280_1440=&#8221;90px&#8221; item_padding_1024_1280=&#8221;80px&#8221; item_padding_768_1024=&#8221;60px&#8221; item_padding_600_768=&#8221;90px&#8221; item_padding_480_600=&#8221;90px 40px&#8221; item_padding_480=&#8221;90px 40px&#8221; custom_class=&#8221;bg-custom-hover-c&#8221; background_color=&#8221;#f2f2f2&#8243;][vc_column_text]<\/p>\n<p style=\"text-align: justify; font-size: 21px; line-height: 30px;\"><span style=\"font-weight: 400;\">En aquest <\/span><b>v\u00eddeo <\/b><span style=\"font-weight: 400;\">sobre Espais Verds del Vall\u00e8s pots veure un exemple dels <\/span><b>processos de poda i manteniment de l\u2019arbrat p\u00fablic<\/b><span style=\"font-weight: 400;\">, portat a terme pel nostre personal qualificat i equips propis<\/span>.<\/p>\n<p>[\/vc_column_text][\/qode_elements_holder_item][qode_elements_holder_item advanced_animations=&#8221;no&#8221; custom_class=&#8221;bg-custom-hover-c&#8221; background_color=&#8221;#f2f2f2&#8243;][vc_video link=&#8221;https:\/\/www.youtube.com\/watch?v=4k6zaaKq8-E&#8221;][\/qode_elements_holder_item][\/qode_elements_holder][\/vc_column][\/vc_row][vc_row css_animation=&#8221;&#8221; row_type=&#8221;row&#8221; use_row_as_full_screen_section=&#8221;no&#8221; type=&#8221;full_width&#8221; angled_section=&#8221;no&#8221; text_align=&#8221;left&#8221; background_image_as_pattern=&#8221;without_pattern&#8221;][vc_column][vc_empty_space height=&#8221;30px&#8221;][\/vc_column][\/vc_row][vc_row css_animation=&#8221;&#8221; row_type=&#8221;row&#8221; use_row_as_full_screen_section=&#8221;no&#8221; type=&#8221;full_width&#8221; angled_section=&#8221;no&#8221; text_align=&#8221;left&#8221; background_image_as_pattern=&#8221;without_pattern&#8221; z_index=&#8221;&#8221; background_image=&#8221;1107&#8243;][vc_column width=&#8221;1\/2&#8243; offset=&#8221;vc_hidden-sm vc_hidden-xs&#8221;][\/vc_column][vc_column width=&#8221;1\/2&#8243; offset=&#8221;vc_hidden-sm vc_hidden-xs&#8221;][vc_empty_space height=&#8221;100px&#8221;][vc_column_text]<\/p>\n<h3 style=\"text-align: left;\">Per a m\u00e9s informaci\u00f3,<\/h3>\n<h2 style=\"text-align: left;\">Contacta amb nosaltres<\/h2>\n<p>[\/vc_column_text][vc_empty_space height=&#8221;15px&#8221;][vc_column_text]<\/p>\n<h3 style=\"text-align: left; color: #0063bd;\">+34 93 544 25 20<\/h3>\n<h3 style=\"text-align: left; color: #0063bd;\"><a href=\"mailto:espaisverds@tma.es\">espaisverds@tma.es<\/a><\/h3>\n<p>[\/vc_column_text][vc_empty_space height=&#8221;100px&#8221;][\/vc_column][\/vc_row][vc_row css_animation=&#8221;&#8221; row_type=&#8221;row&#8221; use_row_as_full_screen_section=&#8221;no&#8221; type=&#8221;full_width&#8221; angled_section=&#8221;no&#8221; text_align=&#8221;left&#8221; background_image_as_pattern=&#8221;without_pattern&#8221; z_index=&#8221;&#8221; background_image=&#8221;1107&#8243; css=&#8221;.vc_custom_1674729885515{margin-right: 5px !important;margin-left: 5px !important;}&#8221; el_class=&#8221;correu&#8221;][vc_column offset=&#8221;vc_hidden-lg vc_hidden-md&#8221;][vc_empty_space height=&#8221;50px&#8221;][vc_column_text]<\/p>\n<h3 style=\"text-align: center;\">Per a m\u00e9s informaci\u00f3,<\/h3>\n<h2 style=\"text-align: center;\">Contacta amb nosaltres<\/h2>\n<p>[\/vc_column_text][vc_empty_space height=&#8221;15px&#8221;][vc_column_text]<\/p>\n<h3 style=\"color: #0063bd; text-align: center; font-size: 20px;\">+34 93 544 25 20<\/h3>\n<h3 style=\"color: #0063bd; text-align: center; font-size: 20px;\"><a href=\"mailto:espaisverds@tma.es\">espaisverds@tma.es<\/a><\/h3>\n<p>[\/vc_column_text][vc_empty_space height=&#8221;50px&#8221;][\/vc_column][\/vc_row][vc_row css_animation=&#8221;&#8221; row_type=&#8221;row&#8221; use_row_as_full_screen_section=&#8221;no&#8221; type=&#8221;grid&#8221; angled_section=&#8221;no&#8221; text_align=&#8221;left&#8221; background_image_as_pattern=&#8221;without_pattern&#8221; z_index=&#8221;&#8221;][vc_column][vc_empty_space][\/vc_column][\/vc_row]<\/p>\n","protected":false},"excerpt":{"rendered":"<p>[vc_row css_animation=&#8221;&#8221; row_type=&#8221;row&#8221; use_row_as_full_screen_section=&#8221;no&#8221; type=&#8221;full_width&#8221; angled_section=&#8221;no&#8221; text_align=&#8221;left&#8221; background_image_as_pattern=&#8221;without_pattern&#8221; z_index=&#8221;&#8221; background_image=&#8221;2480&#8243;][vc_column offset=&#8221;vc_hidden-sm vc_hidden-xs&#8221;][vc_empty_space height=&#8221;50px&#8221;][vc_empty_space height=&#8221;50px&#8221;][vc_empty_space height=&#8221;50px&#8221;][vc_column_text] Espais verds \/ Jardineria [\/vc_column_text][vc_empty_space&#8230;<\/p>\n","protected":false},"author":69,"featured_media":0,"parent":0,"menu_order":0,"comment_status":"closed","ping_status":"closed","template":"full_width.php","meta":{"_acf_changed":false,"footnotes":""},"class_list":["post-5290","page","type-page","status-publish","hentry"],"acf":[],"post_mailing_queue_ids":[],"_links":{"self":[{"href":"https:\/\/tma.es\/ca\/wp-json\/wp\/v2\/pages\/5290","targetHints":{"allow":["GET"]}}],"collection":[{"href":"https:\/\/tma.es\/ca\/wp-json\/wp\/v2\/pages"}],"about":[{"href":"https:\/\/tma.es\/ca\/wp-json\/wp\/v2\/types\/page"}],"author":[{"embeddable":true,"href":"https:\/\/tma.es\/ca\/wp-json\/wp\/v2\/users\/69"}],"replies":[{"embeddable":true,"href":"https:\/\/tma.es\/ca\/wp-json\/wp\/v2\/comments?post=5290"}],"version-history":[{"count":0,"href":"https:\/\/tma.es\/ca\/wp-json\/wp\/v2\/pages\/5290\/revisions"}],"wp:attachment":[{"href":"https:\/\/tma.es\/ca\/wp-json\/wp\/v2\/media?parent=5290"}],"curies":[{"name":"wp","href":"https:\/\/api.w.org\/{rel}","templated":true}]}}