{"id":5189,"date":"2023-03-02T15:58:09","date_gmt":"2023-03-02T15:58:09","guid":{"rendered":"http:\/\/tma.es\/?page_id=5189"},"modified":"2026-06-04T08:45:49","modified_gmt":"2026-06-04T06:45:49","slug":"missio-i-valors","status":"publish","type":"page","link":"https:\/\/tma.es\/ca\/missio-i-valors\/","title":{"rendered":"Missi\u00f3 i valors"},"content":{"rendered":"<p>[vc_row css_animation=&#8221;&#8221; row_type=&#8221;row&#8221; use_row_as_full_screen_section=&#8221;no&#8221; type=&#8221;full_width&#8221; angled_section=&#8221;no&#8221; text_align=&#8221;left&#8221; background_image_as_pattern=&#8221;without_pattern&#8221; z_index=&#8221;&#8221; background_image=&#8221;1806&#8243;][vc_column][vc_empty_space height=&#8221;50px&#8221;][vc_empty_space height=&#8221;50px&#8221;][vc_empty_space height=&#8221;50px&#8221;][vc_column_text]<\/p>\n<h1 style=\"text-align: center;\"><b>Missi\u00f3 i valors<\/b><\/h1>\n<p>[\/vc_column_text][vc_empty_space height=&#8221;50px&#8221;][vc_empty_space height=&#8221;50px&#8221;][vc_empty_space height=&#8221;50px&#8221;][\/vc_column][\/vc_row][vc_row css_animation=&#8221;&#8221; row_type=&#8221;row&#8221; use_row_as_full_screen_section=&#8221;no&#8221; type=&#8221;grid&#8221; angled_section=&#8221;no&#8221; text_align=&#8221;left&#8221; background_image_as_pattern=&#8221;without_pattern&#8221; z_index=&#8221;&#8221;][vc_column][vc_empty_space][\/vc_column][\/vc_row][vc_row css_animation=&#8221;&#8221; row_type=&#8221;row&#8221; use_row_as_full_screen_section=&#8221;no&#8221; type=&#8221;grid&#8221; angled_section=&#8221;no&#8221; text_align=&#8221;left&#8221; background_image_as_pattern=&#8221;without_pattern&#8221; z_index=&#8221;&#8221;][vc_column offset=&#8221;vc_hidden-sm vc_hidden-xs&#8221;][vc_empty_space][\/vc_column][\/vc_row][vc_row css_animation=&#8221;&#8221; row_type=&#8221;row&#8221; use_row_as_full_screen_section=&#8221;no&#8221; type=&#8221;full_width&#8221; angled_section=&#8221;no&#8221; text_align=&#8221;left&#8221; background_image_as_pattern=&#8221;without_pattern&#8221; z_index=&#8221;&#8221; css=&#8221;.vc_custom_1674472652376{margin-right: 5px !important;margin-left: 5px !important;}&#8221;][vc_column offset=&#8221;vc_hidden-lg vc_hidden-md&#8221;][vc_single_image image=&#8221;2039&#8243; img_size=&#8221;full&#8221; alignment=&#8221;center&#8221; qode_css_animation=&#8221;&#8221; qode_hover_animation=&#8221;zoom_in&#8221;][vc_empty_space height=&#8221;30px&#8221;][vc_column_text]<\/p>\n<h3 style=\"text-align: left;\"><b>Missi\u00f3<\/b><\/h3>\n<p>[\/vc_column_text][vc_empty_space height=&#8221;30px&#8221;][vc_column_text]<\/p>\n<p style=\"text-align: justify;\"><span style=\"font-weight: 400;\">La nostra missi\u00f3 \u00e9s <\/span><b>minimitzar l\u2019impacte mediambiental <\/b><span style=\"font-weight: 400;\">resultant de l\u2019activitat industrial, gestionant els residus generats i valoritzant els materials per contribuir a <\/span><b>l\u2019Economia Circular<\/b><span style=\"font-weight: 400;\">. Acompanyem les empreses en tot el proc\u00e9s de gesti\u00f3, oferint-los la millor soluci\u00f3 de tractament dels residus en funci\u00f3 de les seves necessitats. Alhora que <\/span><b>cuidem el Medi Ambient<\/b><span style=\"font-weight: 400;\">, innovant dia a dia per obtenir millors solucions en la gesti\u00f3 i reciclatge de residus per poder transformar-los en nous recursos.<\/span><\/p>\n<p>[\/vc_column_text][vc_empty_space height=&#8221;30px&#8221;][vc_single_image image=&#8221;2045&#8243; img_size=&#8221;full&#8221; alignment=&#8221;center&#8221; qode_css_animation=&#8221;&#8221; qode_hover_animation=&#8221;zoom_in&#8221;][vc_empty_space height=&#8221;30px&#8221;][vc_column_text]<\/p>\n<h3 style=\"text-align: left;\"><b>Visi\u00f3<\/b><\/h3>\n<p>[\/vc_column_text][vc_empty_space height=&#8221;30px&#8221;][vc_column_text]<\/p>\n<p style=\"text-align: justify;\"><span style=\"font-weight: 400;\">La nostra visi\u00f3 \u00e9s aconseguir l&#8217;excel\u00b7l\u00e8ncia en el desenvolupament dels nostres serveis per <\/span><b>oferir la millor gesti\u00f3 integral de residus<\/b><span style=\"font-weight: 400;\"> i arribar a m\u00e9s empreses que requereixin gestionar els seus residus. D&#8217;aquesta manera, ens assegurem d&#8217;ajudar el major nombre d&#8217;empreses, alhora que tenim cura del Medi Ambient. La nostra intenci\u00f3 \u00e9s fomentar l&#8217;economia circular, de manera que els recursos siguin aprofitats eficientment, <\/span><b>valoritzant i allargant el cicle de vida dels materials<\/b><span style=\"font-weight: 400;\">.<\/span><\/p>\n<p>[\/vc_column_text][vc_empty_space height=&#8221;30px&#8221;][vc_single_image image=&#8221;2042&#8243; img_size=&#8221;full&#8221; alignment=&#8221;center&#8221; qode_css_animation=&#8221;&#8221; qode_hover_animation=&#8221;zoom_in&#8221;][vc_empty_space height=&#8221;30px&#8221;][vc_column_text]<\/p>\n<h3 style=\"text-align: left;\">Valors<\/h3>\n<p>[\/vc_column_text][vc_empty_space height=&#8221;30px&#8221;][vc_column_text]<\/p>\n<p style=\"text-align: justify;\"><span style=\"font-weight: 400;\">Els nostres valors es reflecteixen principalment en la <\/span><b>vocaci\u00f3 de servei, la innovaci\u00f3, la fiabilitat <\/b><span style=\"font-weight: 400;\">i, per descomptat, en <\/span><b>la sostenibilitat<\/b><span style=\"font-weight: 400;\"> aplicada a tots els aspectes de la nostra empresa.<\/span><\/p>\n<p>&nbsp;<\/p>\n<p>La igualtat, el respecte i el benestar de les persones tamb\u00e9 formen part de la cultura de TMA i de la manera com entenem el nostre entorn de treball. Aquests principis es reflecteixen a totes les nostres relacions professionals i en la gesti\u00f3 di\u00e0ria dels nostres equips. Per aix\u00f2 comptem amb<a title=\"TMA promou la igualtat a l'empresa\" href=\"https:\/\/tma.es\/ca\/category\/igualtat-ca\/\" target=\"_blank\" rel=\"noopener\"><strong> un Pla d&#8217;Igualtat orientat a promoure la igualtat d&#8217;oportunitats, la diversitat i la conciliaci\u00f3<\/strong><\/a>, afavorint un entorn laboral inclusiu, respectu\u00f3s i comprom\u00e8s amb el desenvolupament de les persones.<\/p>\n<p>&nbsp;<\/p>\n<p>TMA compta amb <strong>protocols de prevenci\u00f3, detecci\u00f3 i actuaci\u00f3 davant de l&#8217;assetjament laboral,<\/strong> aix\u00ed com amb <strong>mesures espec\u00edfiques de protecci\u00f3 i suport en situacions de viol\u00e8ncia de g\u00e8nere<\/strong>. Aquests mecanismes formen part del nostre comprom\u00eds amb la creaci\u00f3 d&#8217;<strong>un entorn de treball segur, digne i respectu\u00f3s<\/strong>, en qu\u00e8 es promou activament la igualtat, la no-discriminaci\u00f3 i el benestar de totes les persones.[\/vc_column_text][vc_empty_space height=&#8221;30px&#8221;][vc_single_image image=&#8221;1775&#8243; img_size=&#8221;full&#8221; alignment=&#8221;center&#8221; qode_css_animation=&#8221;&#8221; qode_hover_animation=&#8221;zoom_in&#8221; css=&#8221;.vc_custom_1677572852890{margin-right: 50px !important;margin-left: 50px !important;}&#8221; el_class=&#8221;icon-c&#8221;][vc_empty_space height=&#8221;30px&#8221;][vc_column_text]<\/p>\n<h4 style=\"text-align: center;\"><b>Vocaci\u00f3 de servei<\/b><\/h4>\n<p>[\/vc_column_text][vc_empty_space height=&#8221;20px&#8221;][vc_column_text]<\/p>\n<p style=\"text-align: justify;\"><b>Ens enfoquem en el client<\/b><span style=\"font-weight: 400;\"> i en all\u00f2 que necessita. Escoltem les vostres necessitats i peticions, i l\u2019assessorem de forma personalitzada. L\u2019acompanyem abans, durant i despr\u00e9s del proc\u00e9s.<\/span><\/p>\n<p>[\/vc_column_text][vc_empty_space height=&#8221;30px&#8221;][vc_single_image image=&#8221;1787&#8243; img_size=&#8221;full&#8221; alignment=&#8221;center&#8221; qode_css_animation=&#8221;&#8221; qode_hover_animation=&#8221;zoom_in&#8221; css=&#8221;.vc_custom_1677572860462{margin-right: 50px !important;margin-left: 50px !important;}&#8221; el_class=&#8221;icon-c&#8221;][vc_empty_space height=&#8221;30px&#8221;][vc_column_text]<\/p>\n<h4 style=\"text-align: center;\"><b>Innovaci\u00f3 i sostenibilitat<\/b><\/h4>\n<p>[\/vc_column_text][vc_empty_space height=&#8221;20px&#8221;][vc_column_text]<\/p>\n<p style=\"text-align: justify;\"><span style=\"font-weight: 400;\">Apostem per la innovaci\u00f3 al servei del medi ambient, aplicada a mitjans, infraestructures i equips. Els nostres esfor\u00e7os diaris se centren a trobar solucions<\/span><b> sostenibles i innovadores<\/b><span style=\"font-weight: 400;\"> en la gesti\u00f3 de residus.<\/span><\/p>\n<p>[\/vc_column_text][vc_empty_space height=&#8221;30px&#8221;][vc_single_image image=&#8221;1692&#8243; img_size=&#8221;full&#8221; alignment=&#8221;center&#8221; qode_css_animation=&#8221;&#8221; qode_hover_animation=&#8221;zoom_in&#8221; css=&#8221;.vc_custom_1677572865329{margin-right: 50px !important;margin-left: 50px !important;}&#8221; el_class=&#8221;icon-c&#8221;][vc_empty_space height=&#8221;30px&#8221;][vc_column_text]<\/p>\n<h4 style=\"text-align: center;\"><b>Fiabilitat<\/b><\/h4>\n<p>[\/vc_column_text][vc_empty_space height=&#8221;20px&#8221;][vc_column_text]<\/p>\n<p style=\"text-align: justify;\"><span style=\"font-weight: 400;\">La nostra <\/span><b>experi\u00e8ncia i professionalitat <\/b><span style=\"font-weight: 400;\">al llarg de m\u00e9s de 60 anys d&#8217;activitat com a gestors de residus avalen la qualitat dels nostres serveis. Seguim millorant dia a dia gr\u00e0cies a totes les empreses que dipositen la seva confian\u00e7a en nosaltres.<\/span><\/p>\n<p>[\/vc_column_text][vc_empty_space height=&#8221;30px&#8221;][\/vc_column][\/vc_row][vc_row css_animation=&#8221;&#8221; row_type=&#8221;row&#8221; use_row_as_full_screen_section=&#8221;no&#8221; type=&#8221;grid&#8221; angled_section=&#8221;no&#8221; text_align=&#8221;left&#8221; background_image_as_pattern=&#8221;without_pattern&#8221; z_index=&#8221;&#8221;][vc_column width=&#8221;1\/2&#8243; offset=&#8221;vc_hidden-sm vc_hidden-xs&#8221;][vc_column_text]<\/p>\n<h3 style=\"text-align: left;\"><b>Missi\u00f3<\/b><\/h3>\n<p>[\/vc_column_text][vc_empty_space height=&#8221;30px&#8221;][vc_column_text]<\/p>\n<p style=\"text-align: justify;\"><span style=\"font-weight: 400;\">La nostra missi\u00f3 \u00e9s <\/span><b>minimitzar l\u2019impacte mediambiental <\/b><span style=\"font-weight: 400;\">resultant de l\u2019activitat industrial, gestionant els residus generats i valoritzant els materials per contribuir a <\/span><b>l\u2019Economia Circular<\/b><span style=\"font-weight: 400;\">. Acompanyem les empreses en tot el proc\u00e9s de gesti\u00f3, oferint-los la millor soluci\u00f3 de tractament dels residus en funci\u00f3 de les seves necessitats. Alhora que <\/span><b>cuidem el Medi Ambient<\/b><span style=\"font-weight: 400;\">, innovant dia a dia per obtenir millors solucions en la gesti\u00f3 i reciclatge de residus per poder transformar-los en nous recursos.<\/span><\/p>\n<p>[\/vc_column_text][vc_empty_space height=&#8221;30px&#8221;][\/vc_column][vc_column width=&#8221;1\/2&#8243; offset=&#8221;vc_hidden-sm vc_hidden-xs&#8221;][vc_single_image image=&#8221;2039&#8243; img_size=&#8221;full&#8221; alignment=&#8221;center&#8221; qode_css_animation=&#8221;&#8221; qode_hover_animation=&#8221;zoom_in&#8221;][vc_empty_space height=&#8221;30px&#8221;][\/vc_column][\/vc_row][vc_row css_animation=&#8221;&#8221; row_type=&#8221;row&#8221; use_row_as_full_screen_section=&#8221;no&#8221; type=&#8221;grid&#8221; angled_section=&#8221;no&#8221; text_align=&#8221;left&#8221; background_image_as_pattern=&#8221;without_pattern&#8221; z_index=&#8221;&#8221;][vc_column width=&#8221;1\/2&#8243; offset=&#8221;vc_hidden-sm vc_hidden-xs&#8221;][vc_single_image image=&#8221;2045&#8243; img_size=&#8221;full&#8221; alignment=&#8221;center&#8221; qode_css_animation=&#8221;&#8221; qode_hover_animation=&#8221;zoom_in&#8221;][vc_empty_space height=&#8221;30px&#8221;][\/vc_column][vc_column width=&#8221;1\/2&#8243; offset=&#8221;vc_hidden-sm vc_hidden-xs&#8221;][vc_column_text]<\/p>\n<h3 style=\"text-align: left;\"><b>Visi\u00f3<\/b><\/h3>\n<p>[\/vc_column_text][vc_empty_space height=&#8221;30px&#8221;][vc_column_text]<\/p>\n<p style=\"text-align: justify;\"><span style=\"font-weight: 400;\">La nostra visi\u00f3 \u00e9s aconseguir l&#8217;excel\u00b7l\u00e8ncia en el desenvolupament dels nostres serveis per <\/span><b>oferir la millor gesti\u00f3 integral de residus<\/b><span style=\"font-weight: 400;\"> i arribar a m\u00e9s empreses que requereixin gestionar els seus residus. D&#8217;aquesta manera, ens assegurem d&#8217;ajudar el major nombre d&#8217;empreses, alhora que tenim cura del Medi Ambient. La nostra intenci\u00f3 \u00e9s fomentar l&#8217;economia circular, de manera que els recursos siguin aprofitats eficientment, <\/span><b>valoritzant i allargant el cicle de vida dels materials<\/b><span style=\"font-weight: 400;\">.<\/span><\/p>\n<p>[\/vc_column_text][vc_empty_space height=&#8221;30px&#8221;][\/vc_column][\/vc_row][vc_row css_animation=&#8221;&#8221; row_type=&#8221;row&#8221; use_row_as_full_screen_section=&#8221;no&#8221; type=&#8221;grid&#8221; angled_section=&#8221;no&#8221; text_align=&#8221;left&#8221; background_image_as_pattern=&#8221;without_pattern&#8221; z_index=&#8221;&#8221;][vc_column width=&#8221;1\/2&#8243; offset=&#8221;vc_hidden-sm vc_hidden-xs&#8221;][vc_column_text]<\/p>\n<h3 style=\"text-align: left;\"><b>Valors<\/b><\/h3>\n<p>[\/vc_column_text][vc_empty_space height=&#8221;30px&#8221;][vc_column_text]<\/p>\n<p style=\"text-align: justify;\"><span style=\"font-weight: 400;\">Els nostres valors es reflecteixen principalment en la <\/span><b>vocaci\u00f3 de servei, la innovaci\u00f3, la fiabilitat <\/b><span style=\"font-weight: 400;\">i, per descomptat, en <\/span><b>la sostenibilitat<\/b><span style=\"font-weight: 400;\"> aplicada a tots els aspectes de la nostra empresa.<\/span><\/p>\n<p>&nbsp;<\/p>\n<p>La igualtat, el respecte i el benestar de les persones tamb\u00e9 formen part de la cultura de TMA i de la manera com entenem el nostre entorn de treball. Aquests principis es reflecteixen a totes les nostres relacions professionals i en la gesti\u00f3 di\u00e0ria dels nostres equips. Per aix\u00f2 comptem amb <a title=\"TMA promou la igualtat a l'empresa\" href=\"https:\/\/tma.es\/ca\/category\/igualtat-ca\/\" target=\"_blank\" rel=\"noopener\"><strong>un Pla d&#8217;Igualtat orientat a promoure la igualtat d&#8217;oportunitats, la diversitat i la conciliaci\u00f3<\/strong><\/a>, afavorint un entorn laboral inclusiu, respectu\u00f3s i comprom\u00e8s amb el desenvolupament de les persones.<\/p>\n<p>&nbsp;<\/p>\n<p>TMA compta amb <strong>protocols de prevenci\u00f3, detecci\u00f3 i actuaci\u00f3 davant de l&#8217;assetjament laboral,<\/strong> aix\u00ed com amb <strong>mesures espec\u00edfiques de protecci\u00f3 i suport en situacions de viol\u00e8ncia de g\u00e8nere<\/strong>. Aquests mecanismes formen part del nostre comprom\u00eds amb la creaci\u00f3 d&#8217;<strong>un entorn de treball segur, digne i respectu\u00f3s<\/strong>, en qu\u00e8 es promou activament la igualtat, la no-discriminaci\u00f3 i el benestar de totes les persones.[\/vc_column_text][\/vc_column][vc_column width=&#8221;1\/2&#8243; offset=&#8221;vc_hidden-sm vc_hidden-xs&#8221;][vc_single_image image=&#8221;2042&#8243; img_size=&#8221;full&#8221; alignment=&#8221;center&#8221; qode_css_animation=&#8221;&#8221; qode_hover_animation=&#8221;zoom_in&#8221;][vc_empty_space height=&#8221;30px&#8221;][\/vc_column][\/vc_row][vc_row css_animation=&#8221;&#8221; row_type=&#8221;row&#8221; use_row_as_full_screen_section=&#8221;no&#8221; type=&#8221;grid&#8221; angled_section=&#8221;no&#8221; text_align=&#8221;left&#8221; background_image_as_pattern=&#8221;without_pattern&#8221; z_index=&#8221;&#8221;][vc_column width=&#8221;1\/3&#8243; offset=&#8221;vc_hidden-sm vc_hidden-xs&#8221;][vc_single_image image=&#8221;1775&#8243; img_size=&#8221;full&#8221; alignment=&#8221;center&#8221; qode_css_animation=&#8221;&#8221; qode_hover_animation=&#8221;zoom_in&#8221; css=&#8221;.vc_custom_1668681035184{margin-right: 50px !important;margin-left: 50px !important;}&#8221;][vc_empty_space height=&#8221;30px&#8221;][vc_column_text]<\/p>\n<h4 style=\"text-align: center;\"><b>Vocaci\u00f3 de servei<\/b><\/h4>\n<p>[\/vc_column_text][vc_empty_space height=&#8221;20px&#8221;][vc_column_text]<\/p>\n<p style=\"text-align: justify;\"><b>Ens enfoquem en el client<\/b><span style=\"font-weight: 400;\"> i en all\u00f2 que necessita. Escoltem les vostres necessitats i peticions, i l\u2019assessorem de forma personalitzada. L\u2019acompanyem abans, durant i despr\u00e9s del proc\u00e9s.<\/span><\/p>\n<p>[\/vc_column_text][vc_empty_space height=&#8221;30px&#8221;][\/vc_column][vc_column width=&#8221;1\/3&#8243; offset=&#8221;vc_hidden-sm vc_hidden-xs&#8221;][vc_single_image image=&#8221;1787&#8243; img_size=&#8221;full&#8221; alignment=&#8221;center&#8221; qode_css_animation=&#8221;&#8221; qode_hover_animation=&#8221;zoom_in&#8221; css=&#8221;.vc_custom_1668681046038{margin-right: 50px !important;margin-left: 50px !important;}&#8221;][vc_empty_space height=&#8221;30px&#8221;][vc_column_text]<\/p>\n<h4 style=\"text-align: center;\"><b>Innovaci\u00f3 i sostenibilitat<\/b><\/h4>\n<p>[\/vc_column_text][vc_empty_space height=&#8221;20px&#8221;][vc_column_text]<\/p>\n<p style=\"text-align: justify;\"><span style=\"font-weight: 400;\">Apostem per la innovaci\u00f3 al servei del medi ambient, aplicada a mitjans, infraestructures i equips. Els nostres esfor\u00e7os diaris se centren a trobar solucions<\/span><b> sostenibles i innovadores<\/b><span style=\"font-weight: 400;\"> en la gesti\u00f3 de residus.<\/span><\/p>\n<p>[\/vc_column_text][vc_empty_space height=&#8221;30px&#8221;][\/vc_column][vc_column width=&#8221;1\/3&#8243; offset=&#8221;vc_hidden-sm vc_hidden-xs&#8221;][vc_single_image image=&#8221;1692&#8243; img_size=&#8221;full&#8221; alignment=&#8221;center&#8221; qode_css_animation=&#8221;&#8221; qode_hover_animation=&#8221;zoom_in&#8221; css=&#8221;.vc_custom_1668681057568{margin-right: 50px !important;margin-left: 50px !important;}&#8221;][vc_empty_space height=&#8221;30px&#8221;][vc_column_text]<\/p>\n<h4 style=\"text-align: center;\"><b>Fiabilitat<\/b><\/h4>\n<p>[\/vc_column_text][vc_empty_space height=&#8221;20px&#8221;][vc_column_text]<\/p>\n<p style=\"text-align: justify;\"><span style=\"font-weight: 400;\">La nostra <\/span><b>experi\u00e8ncia i professionalitat <\/b><span style=\"font-weight: 400;\">al llarg de m\u00e9s de 60 anys d&#8217;activitat com a gestors de residus avalen la qualitat dels nostres serveis. Seguim millorant dia a dia gr\u00e0cies a totes les empreses que dipositen la seva confian\u00e7a en nosaltres.<\/span><\/p>\n<p>[\/vc_column_text][vc_empty_space height=&#8221;30px&#8221;][\/vc_column][\/vc_row][vc_row css_animation=&#8221;&#8221; row_type=&#8221;row&#8221; use_row_as_full_screen_section=&#8221;no&#8221; type=&#8221;full_width&#8221; angled_section=&#8221;no&#8221; text_align=&#8221;left&#8221; background_image_as_pattern=&#8221;without_pattern&#8221; z_index=&#8221;&#8221; background_image=&#8221;1107&#8243;][vc_column width=&#8221;1\/2&#8243; offset=&#8221;vc_hidden-sm vc_hidden-xs&#8221;][\/vc_column][vc_column width=&#8221;1\/2&#8243; offset=&#8221;vc_hidden-sm vc_hidden-xs&#8221;][vc_empty_space height=&#8221;100px&#8221;][vc_column_text]<\/p>\n<h3 style=\"text-align: left;\">Per a m\u00e9s informaci\u00f3,<\/h3>\n<h2 style=\"text-align: left;\">contacta amb nosaltres<\/h2>\n<p>[\/vc_column_text][vc_empty_space height=&#8221;30px&#8221;]<a  itemprop=\"url\" href=\"\/contacto\/\" target=\"_self\"  class=\"qbutton  default\" style=\"\">contactar<\/a>[vc_empty_space height=&#8221;100px&#8221;][\/vc_column][\/vc_row][vc_row css_animation=&#8221;&#8221; row_type=&#8221;row&#8221; use_row_as_full_screen_section=&#8221;no&#8221; type=&#8221;full_width&#8221; angled_section=&#8221;no&#8221; text_align=&#8221;center&#8221; background_image_as_pattern=&#8221;without_pattern&#8221; z_index=&#8221;&#8221; background_image=&#8221;1107&#8243;][vc_column offset=&#8221;vc_hidden-lg vc_hidden-md&#8221;][vc_empty_space height=&#8221;50px&#8221;][vc_column_text]<\/p>\n<h3 style=\"text-align: center;\">Per a m\u00e9s informaci\u00f3,<\/h3>\n<h2 style=\"text-align: center;\">contacta amb nosaltres<\/h2>\n<p>[\/vc_column_text][vc_empty_space height=&#8221;30px&#8221;]<a  itemprop=\"url\" href=\"\/contacto\/\" target=\"_self\"  class=\"qbutton  default\" style=\"\">contactar<\/a>[vc_empty_space height=&#8221;50px&#8221;][\/vc_column][\/vc_row][vc_row css_animation=&#8221;&#8221; row_type=&#8221;row&#8221; use_row_as_full_screen_section=&#8221;no&#8221; type=&#8221;grid&#8221; angled_section=&#8221;no&#8221; text_align=&#8221;left&#8221; background_image_as_pattern=&#8221;without_pattern&#8221; z_index=&#8221;&#8221;][vc_column][vc_empty_space][\/vc_column][\/vc_row]<\/p>\n","protected":false},"excerpt":{"rendered":"<p>[vc_row css_animation=&#8221;&#8221; row_type=&#8221;row&#8221; use_row_as_full_screen_section=&#8221;no&#8221; type=&#8221;full_width&#8221; angled_section=&#8221;no&#8221; text_align=&#8221;left&#8221; background_image_as_pattern=&#8221;without_pattern&#8221; z_index=&#8221;&#8221; background_image=&#8221;1806&#8243;][vc_column][vc_empty_space height=&#8221;50px&#8221;][vc_empty_space height=&#8221;50px&#8221;][vc_empty_space height=&#8221;50px&#8221;][vc_column_text] Missi\u00f3 i valors [\/vc_column_text][vc_empty_space height=&#8221;50px&#8221;][vc_empty_space height=&#8221;50px&#8221;][vc_empty_space height=&#8221;50px&#8221;][\/vc_column][\/vc_row][vc_row&#8230;<\/p>\n","protected":false},"author":69,"featured_media":0,"parent":0,"menu_order":0,"comment_status":"closed","ping_status":"closed","template":"full_width.php","meta":{"_acf_changed":false,"footnotes":""},"class_list":["post-5189","page","type-page","status-publish","hentry"],"acf":[],"post_mailing_queue_ids":[],"_links":{"self":[{"href":"https:\/\/tma.es\/ca\/wp-json\/wp\/v2\/pages\/5189","targetHints":{"allow":["GET"]}}],"collection":[{"href":"https:\/\/tma.es\/ca\/wp-json\/wp\/v2\/pages"}],"about":[{"href":"https:\/\/tma.es\/ca\/wp-json\/wp\/v2\/types\/page"}],"author":[{"embeddable":true,"href":"https:\/\/tma.es\/ca\/wp-json\/wp\/v2\/users\/69"}],"replies":[{"embeddable":true,"href":"https:\/\/tma.es\/ca\/wp-json\/wp\/v2\/comments?post=5189"}],"version-history":[{"count":8,"href":"https:\/\/tma.es\/ca\/wp-json\/wp\/v2\/pages\/5189\/revisions"}],"predecessor-version":[{"id":24323,"href":"https:\/\/tma.es\/ca\/wp-json\/wp\/v2\/pages\/5189\/revisions\/24323"}],"wp:attachment":[{"href":"https:\/\/tma.es\/ca\/wp-json\/wp\/v2\/media?parent=5189"}],"curies":[{"name":"wp","href":"https:\/\/api.w.org\/{rel}","templated":true}]}}